{"id":18424,"date":"2025-04-02T18:05:15","date_gmt":"2025-04-02T18:05:15","guid":{"rendered":"https:\/\/www.eggo.be\/?post_type=cuisines&#038;p=18424"},"modified":"2025-10-22T11:57:42","modified_gmt":"2025-10-22T11:57:42","slug":"la-cuisine-de-barbara","status":"publish","type":"cuisines","link":"https:\/\/www.eggo.lu\/fr\/cuisines\/cuisine-contemporaines\/la-cuisine-de-barbara\/","title":{"rendered":"La cuisine de Barbara"},"content":{"rendered":"","protected":false},"excerpt":{"rendered":"","protected":false},"featured_media":9425,"comment_status":"closed","ping_status":"closed","template":"","cuisines_category":[96],"cuisines_tag":[],"post_type_filter":[143],"eggo_style_tags":[],"eggo_color_tags":[64,140],"eggo_material_and_finishes_tags":[],"eggo_price_range_tags":[80],"eggo_price_range_tags_21":[234],"class_list":["post-18424","cuisines","type-cuisines","status-publish","has-post-thumbnail","hentry","cuisines_category-cuisine-contemporaines","post_type_filter-cuisine","eggo_color_tags-blanc","eggo_color_tags-bois","eggo_price_range_tags-entre-6-000e-et-8-000e","eggo_price_range_tags_21-entre-6-000e-et-8-000e"],"yoast_head":"<!-- This site is optimized with the Yoast SEO Premium plugin v24.9 (Yoast SEO v27.0) - https:\/\/yoast.com\/product\/yoast-seo-premium-wordpress\/ -->\n<title>La cuisine de Barbara - Eggo<\/title>\n<meta name=\"description\" content=\"D\u00e9couvrez la cuisine de Barbara : un espace lumineux, moderne et fonctionnel pens\u00e9 pour conjuguer design et praticit\u00e9.\" \/>\n<meta name=\"robots\" content=\"index, follow, max-snippet:-1, max-image-preview:large, max-video-preview:-1\" \/>\n<link rel=\"canonical\" href=\"https:\/\/www.eggo.lu\/fr\/cuisines\/cuisine-contemporaines\/la-cuisine-de-barbara\/\" \/>\n<meta property=\"og:locale\" content=\"fr_FR\" \/>\n<meta property=\"og:type\" content=\"article\" \/>\n<meta property=\"og:title\" content=\"La cuisine de Barbara\" \/>\n<meta property=\"og:description\" content=\"D\u00e9couvrez la cuisine de Barbara : un espace lumineux, moderne et fonctionnel pens\u00e9 pour conjuguer design et praticit\u00e9.\" \/>\n<meta property=\"og:url\" content=\"https:\/\/www.eggo.lu\/fr\/cuisines\/cuisine-contemporaines\/la-cuisine-de-barbara\/\" \/>\n<meta property=\"og:site_name\" content=\"Eggo\" \/>\n<meta property=\"article:publisher\" content=\"https:\/\/www.facebook.com\/eggokitchen\" \/>\n<meta property=\"article:modified_time\" content=\"2025-10-22T11:57:42+00:00\" \/>\n<meta property=\"og:image\" content=\"https:\/\/www.eggo.lu\/wp-content\/uploads\/2025\/03\/CUISINE_CONTEMPORAINE_2532_3-scaled.jpg\" \/>\n\t<meta property=\"og:image:width\" content=\"2048\" \/>\n\t<meta property=\"og:image:height\" content=\"1174\" \/>\n\t<meta property=\"og:image:type\" content=\"image\/jpeg\" \/>\n<meta name=\"twitter:card\" content=\"summary_large_image\" \/>\n<meta name=\"twitter:label1\" content=\"Est. reading time\" \/>\n\t<meta name=\"twitter:data1\" content=\"1 minute\" \/>\n<script type=\"application\/ld+json\" class=\"yoast-schema-graph\">{\"@context\":\"https:\/\/schema.org\",\"@graph\":[{\"@type\":\"WebPage\",\"@id\":\"https:\/\/www.eggo.lu\/fr\/cuisines\/cuisine-contemporaines\/la-cuisine-de-barbara\/\",\"url\":\"https:\/\/www.eggo.lu\/fr\/cuisines\/cuisine-contemporaines\/la-cuisine-de-barbara\/\",\"name\":\"La cuisine de Barbara - Eggo\",\"isPartOf\":{\"@id\":\"https:\/\/www.eggo.lu\/fr\/#website\"},\"primaryImageOfPage\":{\"@id\":\"https:\/\/www.eggo.lu\/fr\/cuisines\/cuisine-contemporaines\/la-cuisine-de-barbara\/#primaryimage\"},\"image\":{\"@id\":\"https:\/\/www.eggo.lu\/fr\/cuisines\/cuisine-contemporaines\/la-cuisine-de-barbara\/#primaryimage\"},\"thumbnailUrl\":\"https:\/\/www.eggo.lu\/wp-content\/uploads\/2025\/03\/CUISINE_CONTEMPORAINE_2532_3-scaled.jpg\",\"datePublished\":\"2025-04-02T18:05:15+00:00\",\"dateModified\":\"2025-10-22T11:57:42+00:00\",\"description\":\"D\u00e9couvrez la cuisine de Barbara : un espace lumineux, moderne et fonctionnel pens\u00e9 pour conjuguer design et praticit\u00e9.\",\"breadcrumb\":{\"@id\":\"https:\/\/www.eggo.lu\/fr\/cuisines\/cuisine-contemporaines\/la-cuisine-de-barbara\/#breadcrumb\"},\"inLanguage\":\"fr-FR\",\"potentialAction\":[{\"@type\":\"ReadAction\",\"target\":[\"https:\/\/www.eggo.lu\/fr\/cuisines\/cuisine-contemporaines\/la-cuisine-de-barbara\/\"]}]},{\"@type\":\"ImageObject\",\"inLanguage\":\"fr-FR\",\"@id\":\"https:\/\/www.eggo.lu\/fr\/cuisines\/cuisine-contemporaines\/la-cuisine-de-barbara\/#primaryimage\",\"url\":\"https:\/\/www.eggo.lu\/wp-content\/uploads\/2025\/03\/CUISINE_CONTEMPORAINE_2532_3-scaled.jpg\",\"contentUrl\":\"https:\/\/www.eggo.lu\/wp-content\/uploads\/2025\/03\/CUISINE_CONTEMPORAINE_2532_3-scaled.jpg\",\"width\":2048,\"height\":1174,\"caption\":\"Cuisine moderne avec meubles blancs, plan de travail en bois clair, et une femme assise sur un tabouret pr\u00e8s d'une fen\u00eatre. Un chien est assis sur le sol.\"},{\"@type\":\"BreadcrumbList\",\"@id\":\"https:\/\/www.eggo.lu\/fr\/cuisines\/cuisine-contemporaines\/la-cuisine-de-barbara\/#breadcrumb\",\"itemListElement\":[{\"@type\":\"ListItem\",\"position\":1,\"name\":\"Home\",\"item\":\"https:\/\/www.eggo.lu\/fr\/\"},{\"@type\":\"ListItem\",\"position\":2,\"name\":\"Cuisine\",\"item\":\"https:\/\/www.eggo.lu\/fr\/cuisines\/\"},{\"@type\":\"ListItem\",\"position\":3,\"name\":\"La cuisine de Barbara\"}]},{\"@type\":\"WebSite\",\"@id\":\"https:\/\/www.eggo.lu\/fr\/#website\",\"url\":\"https:\/\/www.eggo.lu\/fr\/\",\"name\":\"\u00e8ggo\",\"description\":\"\",\"publisher\":{\"@id\":\"https:\/\/www.eggo.lu\/fr\/#organization\"},\"potentialAction\":[{\"@type\":\"SearchAction\",\"target\":{\"@type\":\"EntryPoint\",\"urlTemplate\":\"https:\/\/www.eggo.lu\/fr\/?s={search_term_string}\"},\"query-input\":{\"@type\":\"PropertyValueSpecification\",\"valueRequired\":true,\"valueName\":\"search_term_string\"}}],\"inLanguage\":\"fr-FR\"},{\"@type\":[\"Organization\",\"Place\"],\"@id\":\"https:\/\/www.eggo.lu\/fr\/#organization\",\"name\":\"\u00e8ggo\",\"alternateName\":\"eggo\",\"url\":\"https:\/\/www.eggo.lu\/fr\/\",\"logo\":{\"@id\":\"https:\/\/www.eggo.lu\/fr\/cuisines\/cuisine-contemporaines\/la-cuisine-de-barbara\/#local-main-organization-logo\"},\"image\":{\"@id\":\"https:\/\/www.eggo.lu\/fr\/cuisines\/cuisine-contemporaines\/la-cuisine-de-barbara\/#local-main-organization-logo\"},\"sameAs\":[\"https:\/\/www.facebook.com\/eggokitchen\",\"https:\/\/www.linkedin.com\/company\/eggo\/\"],\"description\":\"Des cuisines et meubles de rangement de qualit\u00e9 \u00e0 des prix avantageux ! D\u00e9couvrez nos mod\u00e8les et prenez rendez-vous en ligne dans votre showroom \u00e8ggo.\",\"telephone\":[],\"openingHoursSpecification\":[{\"@type\":\"OpeningHoursSpecification\",\"dayOfWeek\":[\"Monday\",\"Tuesday\",\"Wednesday\",\"Thursday\",\"Friday\",\"Saturday\",\"Sunday\"],\"opens\":\"09:00\",\"closes\":\"17:00\"}]},{\"@type\":\"ImageObject\",\"inLanguage\":\"fr-FR\",\"@id\":\"https:\/\/www.eggo.lu\/fr\/cuisines\/cuisine-contemporaines\/la-cuisine-de-barbara\/#local-main-organization-logo\",\"url\":\"https:\/\/www.eggo.lu\/wp-content\/uploads\/2025\/01\/Logo.png\",\"contentUrl\":\"https:\/\/www.eggo.lu\/wp-content\/uploads\/2025\/01\/Logo.png\",\"width\":88,\"height\":88,\"caption\":\"\u00e8ggo\"}]}<\/script>\n<!-- \/ Yoast SEO Premium plugin. -->","yoast_head_json":{"title":"La cuisine de Barbara - Eggo","description":"D\u00e9couvrez la cuisine de Barbara : un espace lumineux, moderne et fonctionnel pens\u00e9 pour conjuguer design et praticit\u00e9.","robots":{"index":"index","follow":"follow","max-snippet":"max-snippet:-1","max-image-preview":"max-image-preview:large","max-video-preview":"max-video-preview:-1"},"canonical":"https:\/\/www.eggo.lu\/fr\/cuisines\/cuisine-contemporaines\/la-cuisine-de-barbara\/","og_locale":"fr_FR","og_type":"article","og_title":"La cuisine de Barbara","og_description":"D\u00e9couvrez la cuisine de Barbara : un espace lumineux, moderne et fonctionnel pens\u00e9 pour conjuguer design et praticit\u00e9.","og_url":"https:\/\/www.eggo.lu\/fr\/cuisines\/cuisine-contemporaines\/la-cuisine-de-barbara\/","og_site_name":"Eggo","article_publisher":"https:\/\/www.facebook.com\/eggokitchen","article_modified_time":"2025-10-22T11:57:42+00:00","og_image":[{"width":2048,"height":1174,"url":"https:\/\/www.eggo.lu\/wp-content\/uploads\/2025\/03\/CUISINE_CONTEMPORAINE_2532_3-scaled.jpg","type":"image\/jpeg"}],"twitter_card":"summary_large_image","twitter_misc":{"Est. reading time":"1 minute"},"schema":{"@context":"https:\/\/schema.org","@graph":[{"@type":"WebPage","@id":"https:\/\/www.eggo.lu\/fr\/cuisines\/cuisine-contemporaines\/la-cuisine-de-barbara\/","url":"https:\/\/www.eggo.lu\/fr\/cuisines\/cuisine-contemporaines\/la-cuisine-de-barbara\/","name":"La cuisine de Barbara - Eggo","isPartOf":{"@id":"https:\/\/www.eggo.lu\/fr\/#website"},"primaryImageOfPage":{"@id":"https:\/\/www.eggo.lu\/fr\/cuisines\/cuisine-contemporaines\/la-cuisine-de-barbara\/#primaryimage"},"image":{"@id":"https:\/\/www.eggo.lu\/fr\/cuisines\/cuisine-contemporaines\/la-cuisine-de-barbara\/#primaryimage"},"thumbnailUrl":"https:\/\/www.eggo.lu\/wp-content\/uploads\/2025\/03\/CUISINE_CONTEMPORAINE_2532_3-scaled.jpg","datePublished":"2025-04-02T18:05:15+00:00","dateModified":"2025-10-22T11:57:42+00:00","description":"D\u00e9couvrez la cuisine de Barbara : un espace lumineux, moderne et fonctionnel pens\u00e9 pour conjuguer design et praticit\u00e9.","breadcrumb":{"@id":"https:\/\/www.eggo.lu\/fr\/cuisines\/cuisine-contemporaines\/la-cuisine-de-barbara\/#breadcrumb"},"inLanguage":"fr-FR","potentialAction":[{"@type":"ReadAction","target":["https:\/\/www.eggo.lu\/fr\/cuisines\/cuisine-contemporaines\/la-cuisine-de-barbara\/"]}]},{"@type":"ImageObject","inLanguage":"fr-FR","@id":"https:\/\/www.eggo.lu\/fr\/cuisines\/cuisine-contemporaines\/la-cuisine-de-barbara\/#primaryimage","url":"https:\/\/www.eggo.lu\/wp-content\/uploads\/2025\/03\/CUISINE_CONTEMPORAINE_2532_3-scaled.jpg","contentUrl":"https:\/\/www.eggo.lu\/wp-content\/uploads\/2025\/03\/CUISINE_CONTEMPORAINE_2532_3-scaled.jpg","width":2048,"height":1174,"caption":"Cuisine moderne avec meubles blancs, plan de travail en bois clair, et une femme assise sur un tabouret pr\u00e8s d'une fen\u00eatre. Un chien est assis sur le sol."},{"@type":"BreadcrumbList","@id":"https:\/\/www.eggo.lu\/fr\/cuisines\/cuisine-contemporaines\/la-cuisine-de-barbara\/#breadcrumb","itemListElement":[{"@type":"ListItem","position":1,"name":"Home","item":"https:\/\/www.eggo.lu\/fr\/"},{"@type":"ListItem","position":2,"name":"Cuisine","item":"https:\/\/www.eggo.lu\/fr\/cuisines\/"},{"@type":"ListItem","position":3,"name":"La cuisine de Barbara"}]},{"@type":"WebSite","@id":"https:\/\/www.eggo.lu\/fr\/#website","url":"https:\/\/www.eggo.lu\/fr\/","name":"\u00e8ggo","description":"","publisher":{"@id":"https:\/\/www.eggo.lu\/fr\/#organization"},"potentialAction":[{"@type":"SearchAction","target":{"@type":"EntryPoint","urlTemplate":"https:\/\/www.eggo.lu\/fr\/?s={search_term_string}"},"query-input":{"@type":"PropertyValueSpecification","valueRequired":true,"valueName":"search_term_string"}}],"inLanguage":"fr-FR"},{"@type":["Organization","Place"],"@id":"https:\/\/www.eggo.lu\/fr\/#organization","name":"\u00e8ggo","alternateName":"eggo","url":"https:\/\/www.eggo.lu\/fr\/","logo":{"@id":"https:\/\/www.eggo.lu\/fr\/cuisines\/cuisine-contemporaines\/la-cuisine-de-barbara\/#local-main-organization-logo"},"image":{"@id":"https:\/\/www.eggo.lu\/fr\/cuisines\/cuisine-contemporaines\/la-cuisine-de-barbara\/#local-main-organization-logo"},"sameAs":["https:\/\/www.facebook.com\/eggokitchen","https:\/\/www.linkedin.com\/company\/eggo\/"],"description":"Des cuisines et meubles de rangement de qualit\u00e9 \u00e0 des prix avantageux ! D\u00e9couvrez nos mod\u00e8les et prenez rendez-vous en ligne dans votre showroom \u00e8ggo.","telephone":[],"openingHoursSpecification":[{"@type":"OpeningHoursSpecification","dayOfWeek":["Monday","Tuesday","Wednesday","Thursday","Friday","Saturday","Sunday"],"opens":"09:00","closes":"17:00"}]},{"@type":"ImageObject","inLanguage":"fr-FR","@id":"https:\/\/www.eggo.lu\/fr\/cuisines\/cuisine-contemporaines\/la-cuisine-de-barbara\/#local-main-organization-logo","url":"https:\/\/www.eggo.lu\/wp-content\/uploads\/2025\/01\/Logo.png","contentUrl":"https:\/\/www.eggo.lu\/wp-content\/uploads\/2025\/01\/Logo.png","width":88,"height":88,"caption":"\u00e8ggo"}]}},"custom_meta":{"colors":[{"color":"#000000","name":"Unnamed Color","layouts":[{"name":"Unnamed Layout","layout_style_icon":"","layout_image":"","hotspots":[{"_state":"expanded","tooltip_details":{"tooltip_image":""}}]}]}]},"meta_box":{"normal_price":"","price_tva_17":"","discounted_price":"","discounted_price_tva_17":"7990","text_information_side_panel":"","included_in_price_side_panel":"","included_price_items":[{"included_icon":["23575"],"included_text":"Meubles","included_price_17":"6.108\u20ac"},{"included_icon":["2043"],"included_text":"\u00c9lectrom\u00e9nager et sanitaire","included_price_17":"2.082\u20ac"}],"show_secondary_items":"1","secondary_included_title":"En option - Service Qualit\u00e9 by \u00e8ggo","included_price_items_secondary":[{"included_icon_secondary":["8962"],"included_text_secondary":"Mesurage, livraison et installation: on s'occupe de tout","included_price_17_secondary":"1.564\u20ac"}],"banner_short_description":"","banner_pdf_url":"","promotion_title":"Profitez de nos promotions du mois","post_promotion_description":"\u00c8ggo la marque belge du design accessible !","promotion_discount":"","linked_promotion":[],"linked_partners":[],"linked_showroom":[],"exhibition_selected":"0","exhibition_more_information_title":"","exhibition_model_detail_title":"","your_advantage":"","promotion_toggle":"0","small_featured_promotion_toggle":"0","promotion_icon":[],"promotion_description":"","promotion_period":"","promotion_link":"","promotion_bg_color":"#ffffff","promotion_text_color":"#fe5000","custom_colors":[{"layouts":[{"hotspots":[{"_state":"expanded"}],"_state":"expanded"}],"_state":"empty"}],"featured_image_hotspots":[],"read_more_content":"","override_widget_settings":"0","show_post_expanded":"0","show_post_title":"0","show_like":"0","show_configuration":"0","show_price":"0","show_old_price":"0","show_eggo_category":"0","show_popup":"0","show_promotion":"0","show_hotspots":"0","responsive_height":"500","responsive_height_tablet":"500","responsive_height_mobile":"500","show_direction_vertical":"0","show_direction_vertical_tablet":"0","show_direction_vertical_mobile":"0","popup_title":"Une cuisine qui vous ressemble","popup_excerpt":"Il y a toujours une cuisine \u00e8ggo au design bien pens\u00e9 pour accueillir toute la famille","popup_cta_text":"D\u00e9couvrir nos cuisines","popup_cta_link":"https:\/\/www.eggo.be\/fr\/cuisine\/","post_title_position_center":"0","title_position_x":"18","title_position_y":"18","title_font_size":"18","hotspots":[{"hotspot_position_x":"50","hotspot_position_y":"50","_state":"expanded"}]},"_links":{"self":[{"href":"https:\/\/www.eggo.lu\/fr\/wp-json\/wp\/v2\/cuisines\/18424","targetHints":{"allow":["GET"]}}],"collection":[{"href":"https:\/\/www.eggo.lu\/fr\/wp-json\/wp\/v2\/cuisines"}],"about":[{"href":"https:\/\/www.eggo.lu\/fr\/wp-json\/wp\/v2\/types\/cuisines"}],"replies":[{"embeddable":true,"href":"https:\/\/www.eggo.lu\/fr\/wp-json\/wp\/v2\/comments?post=18424"}],"version-history":[{"count":1,"href":"https:\/\/www.eggo.lu\/fr\/wp-json\/wp\/v2\/cuisines\/18424\/revisions"}],"predecessor-version":[{"id":18427,"href":"https:\/\/www.eggo.lu\/fr\/wp-json\/wp\/v2\/cuisines\/18424\/revisions\/18427"}],"wp:featuredmedia":[{"embeddable":true,"href":"https:\/\/www.eggo.lu\/fr\/wp-json\/wp\/v2\/media\/9425"}],"wp:attachment":[{"href":"https:\/\/www.eggo.lu\/fr\/wp-json\/wp\/v2\/media?parent=18424"}],"wp:term":[{"taxonomy":"cuisines_category","embeddable":true,"href":"https:\/\/www.eggo.lu\/fr\/wp-json\/wp\/v2\/cuisines_category?post=18424"},{"taxonomy":"cuisines_tag","embeddable":true,"href":"https:\/\/www.eggo.lu\/fr\/wp-json\/wp\/v2\/cuisines_tag?post=18424"},{"taxonomy":"post_type_filter","embeddable":true,"href":"https:\/\/www.eggo.lu\/fr\/wp-json\/wp\/v2\/post_type_filter?post=18424"},{"taxonomy":"eggo_style_tags","embeddable":true,"href":"https:\/\/www.eggo.lu\/fr\/wp-json\/wp\/v2\/eggo_style_tags?post=18424"},{"taxonomy":"eggo_color_tags","embeddable":true,"href":"https:\/\/www.eggo.lu\/fr\/wp-json\/wp\/v2\/eggo_color_tags?post=18424"},{"taxonomy":"eggo_material_and_finishes_tags","embeddable":true,"href":"https:\/\/www.eggo.lu\/fr\/wp-json\/wp\/v2\/eggo_material_and_finishes_tags?post=18424"},{"taxonomy":"eggo_price_range_tags","embeddable":true,"href":"https:\/\/www.eggo.lu\/fr\/wp-json\/wp\/v2\/eggo_price_range_tags?post=18424"},{"taxonomy":"eggo_price_range_tags_21","embeddable":true,"href":"https:\/\/www.eggo.lu\/fr\/wp-json\/wp\/v2\/eggo_price_range_tags_21?post=18424"}],"curies":[{"name":"wp","href":"https:\/\/api.w.org\/{rel}","templated":true}]}}